{"id":428,"date":"2022-07-08T18:02:12","date_gmt":"2022-07-08T16:02:12","guid":{"rendered":"https:\/\/upmerch.store\/larabiadelpueblo\/?page_id=428"},"modified":"2022-08-09T14:45:36","modified_gmt":"2022-08-09T12:45:36","slug":"home-2","status":"publish","type":"page","link":"https:\/\/upmerch.store\/larabiadelpueblo\/?page_id=428","title":{"rendered":"Manifeste"},"content":{"rendered":"<!-- wp:themify-builder\/canvas \/-->","protected":false},"excerpt":{"rendered":"","protected":false},"author":1,"featured_media":0,"parent":0,"menu_order":0,"comment_status":"closed","ping_status":"closed","template":"","meta":[],"builder_content":"<p style=\"text-align: center;\"><strong>Manifeste de la Rage Du Peuple<\/strong><\/p> <p style=\"text-align: center;\">Nous sommes une rage qui se d\u00e9veloppe dans les ruelles du monde. Nous sommes des jeunes, de c\u0153ur et d\u2019esprit, habit\u00e9s d\u2019un d\u00e9sir de transformer notre condition. Nous sommes des citoyens qui en ont ras le bol de voir nos droits et notre libert\u00e9 menac\u00e9s par une mondialisation qui nous incarc\u00e8re dans une prison \u00e0 ciel ouvert.<br \/>Nous avons d\u00e9cid\u00e9 de nous unir afin de pouvoir lutter humblement. Nous sommes un mouvement qui se diffuse de bouche \u00e0 oreille telle une rumeur qui circule dans nos vies. Nous sommes une unit\u00e9 indivisible qui traverse les si\u00e8cles. Nous sommes un peuple libre, debout, le poing lev\u00e9.<br \/>Nous souhaitons d\u00e9velopper la conscience et l\u2019information libre et critique. Nous sommes des gens du peuple qui ne croient plus aux politiciens, mais qui veulent redonner un sens au mot politique. Parfois nous nous sentons isol\u00e9s, laiss\u00e9s pour compte et mis en marge de la soci\u00e9t\u00e9, exclus et non \u00e9cout\u00e9s, nous ne rentrons pas dans le moule. Pourtant nous sommes un r\u00e9seau de citoyens du monde, et nous \u00e9changeons nos id\u00e9es, nos exp\u00e9riences et nos alternatives, en dehors des partis politiques, ou lobbies d\u2019influence.<br \/>Nous venons d\u2019horizons divers, de cultures diff\u00e9rentes et m\u00e9tiss\u00e9es. Nous venons des ruelles sombres, des grandes tours, des ensembles dont l\u2019horizon est compos\u00e9 de b\u00e9ton sans espace vert. Nous sommes m\u00e9diterran\u00e9ens. R\u00e9sistants dans les montagnes des Alpes. Nous venons de Bretagne. Nous parcourons le Tibet et les montagnes de l\u2019Himalaya, source du Gange. Nous venons d\u2019Am\u00e9rique du sud, d\u2019Argentine, pays des piqueteros. Nous venons des Hauts plateaux Ethiopiens, d\u2019Afrique et des Iles cara\u00efbes. Nous sommes issus de la Terre qui nous accueille.<br \/>Nous sommes les enfants de la terre qui souffre, nous avons souffert avec elle qui crie, nous crions avec elle; qui se rebelle, nous nous rebellerons avec elle.<br \/>Alors nous avons dit Basta ! Nous luttons contre les dictatures du capitalisme, le lib\u00e9ralisme et le jeu des puissants. Nous combattons toutes les formes d\u2019oppression de l\u2019homme et de son environnement. Nous d\u00e9non\u00e7ons les manipulations et les conspirations.<br \/>Nous ne voulons pas rester spectateur d\u2019un monde qui ne nous satisfait pas. Nous luttons contre les formes de pollution qui nous empoisonnent. Nous sommes contre le pouvoir, inutile et destructeur, de quelques-uns et contre le malheur de tous.<br \/>Nous sommes contre l\u2019exclusion la r\u00e9pression et la discrimination. Nous sommes contre la dictature et la d\u00e9mocratie des \u00e9lites.<br \/>Nous sommes pour la conscience et l\u2019\u00e9veil de nos fr\u00e8res et s\u0153urs. Nous sommes pour l\u2019autod\u00e9fense et vers la chute d\u00e9finitive du gouvernement. Nous voulons vivre libres. Nous sommes pour la survie de l\u2019esp\u00e8ce humaine, et des esp\u00e8ces vivantes. Nous sommes pour la paix et l\u2019autogestion dans notre environnement. Nous sommes pour reprendre nos droits, pour la d\u00e9mocratie du pouvoir d\u2019agir. Le pouvoir est au peuple et ne peut \u00eatre confisqu\u00e9. Nous sommes pour le changement de l\u2019organisation du monde.<br \/>Nous sommes pour la d\u00e9couverte de la richesse de chacun, et la mise \u00e0 profit de nos diff\u00e9rentes qualit\u00e9s. Chacun d\u2019entre nous a une \u00e9toile qui brille et tend \u00e0 \u00e9merveiller le monde.Nous sommes acteurs de la transformation sociale, nous agissons local et pensons global, et nous souhaitons apprendre humblement tout ce que peuvent nous transmettre les peuples du monde : leurs luttes, leurs traditions ancestrales, leurs vies.<br \/>Nous sommes inscrits dans une lign\u00e9e qui remonte \u00e0 la nuit des temps, et nous ne pouvons oublier, nous oublier. Nos esprits sont ouverts sur le monde, enrichis par chacun et conscients des luttes historiques.<br \/>Nous investissons la place publique, \u00e0 travers les concerts, les m\u00e9dias libres, les espaces ouverts, les manifestations, les blocages des lieux symboliques\u2026Nous allons vers un homme meilleur, r\u00e9veill\u00e9, \u00e9mancip\u00e9, responsabilis\u00e9 avec des relations humaines bas\u00e9es sur le partage, la confiance, la coop\u00e9ration, l\u2019\u00e9change, la joie\u2026<br \/>Notre inspiration vient de nos enfants, c\u2019est notre force, notre confiance. Notre inspiration nous vient des r\u00e9volutionnaires, zapatiste, sankariste, guevariste, \u2026.Nous avan\u00e7ons vers plus de justice. Nous allons vers la concr\u00e9tisation de nos utopies dans nos mani\u00e8res de vivre. Nous sommes sur un chemin et nous avan\u00e7ons libre. Nous allons vers une autonomie de chaque individu pour un meilleur partage collectif. Nous allons vers une d\u00e9croissance joyeuse de la consommation. Nous sommes la rage du peuple, une rage positive, f\u00e9d\u00e9ratrice, porteuse d\u2019espoir et de changements.<\/p>","_links":{"self":[{"href":"https:\/\/upmerch.store\/larabiadelpueblo\/index.php?rest_route=\/wp\/v2\/pages\/428"}],"collection":[{"href":"https:\/\/upmerch.store\/larabiadelpueblo\/index.php?rest_route=\/wp\/v2\/pages"}],"about":[{"href":"https:\/\/upmerch.store\/larabiadelpueblo\/index.php?rest_route=\/wp\/v2\/types\/page"}],"author":[{"embeddable":true,"href":"https:\/\/upmerch.store\/larabiadelpueblo\/index.php?rest_route=\/wp\/v2\/users\/1"}],"replies":[{"embeddable":true,"href":"https:\/\/upmerch.store\/larabiadelpueblo\/index.php?rest_route=%2Fwp%2Fv2%2Fcomments&post=428"}],"version-history":[{"count":5,"href":"https:\/\/upmerch.store\/larabiadelpueblo\/index.php?rest_route=\/wp\/v2\/pages\/428\/revisions"}],"predecessor-version":[{"id":734,"href":"https:\/\/upmerch.store\/larabiadelpueblo\/index.php?rest_route=\/wp\/v2\/pages\/428\/revisions\/734"}],"wp:attachment":[{"href":"https:\/\/upmerch.store\/larabiadelpueblo\/index.php?rest_route=%2Fwp%2Fv2%2Fmedia&parent=428"}],"curies":[{"name":"wp","href":"https:\/\/api.w.org\/{rel}","templated":true}]}}